{"id":1257,"date":"2025-06-18T10:13:02","date_gmt":"2025-06-18T10:13:02","guid":{"rendered":"https:\/\/www.fondazionefuturoprossimo.it\/?page_id=1257"},"modified":"2025-08-01T19:06:47","modified_gmt":"2025-08-01T19:06:47","slug":"home","status":"publish","type":"page","link":"https:\/\/fondazionefuturoprossimo.it\/","title":{"rendered":"Home"},"content":{"rendered":"<p><img loading=\"lazy\" decoding=\"async\" width=\"500\" height=\"500\" src=\"https:\/\/www.fondazionefuturoprossimo.it\/wp-content\/uploads\/2025\/06\/Progetto_senza_titolo-removebg-preview.png\" alt=\"\" srcset=\"https:\/\/www.fondazionefuturoprossimo.it\/wp-content\/uploads\/2025\/06\/Progetto_senza_titolo-removebg-preview.png 500w, https:\/\/www.fondazionefuturoprossimo.it\/wp-content\/uploads\/2025\/06\/Progetto_senza_titolo-removebg-preview-300x300.png 300w, https:\/\/www.fondazionefuturoprossimo.it\/wp-content\/uploads\/2025\/06\/Progetto_senza_titolo-removebg-preview-150x150.png 150w\" sizes=\"auto, (max-width: 500px) 100vw, 500px\" \/>\t\t\t\t\t\t\t\t\t\t\t\t\t\t\t<\/p>\n<h2>Fondazione<\/h2>\n<h2>Futuro Prossimo<\/h2>\n<details id=\"e-n-accordion-item-4860\" >\n<summary data-accordion-index=\"1\" tabindex=\"0\" aria-expanded=\"false\" aria-controls=\"e-n-accordion-item-4860\" >\n\t\t\t<svg aria-hidden=\"true\" viewBox=\"0 0 512 512\" xmlns=\"http:\/\/www.w3.org\/2000\/svg\"><path d=\"M256 8C119 8 8 119 8 256s111 248 248 248 248-111 248-248S393 8 256 8zm0 448c-110.5 0-200-89.5-200-200S145.5 56 256 56s200 89.5 200 200-89.5 200-200 200zm101.8-262.2L295.6 256l62.2 62.2c4.7 4.7 4.7 12.3 0 17l-22.6 22.6c-4.7 4.7-12.3 4.7-17 0L256 295.6l-62.2 62.2c-4.7 4.7-12.3 4.7-17 0l-22.6-22.6c-4.7-4.7-4.7-12.3 0-17l62.2-62.2-62.2-62.2c-4.7-4.7-4.7-12.3 0-17l22.6-22.6c4.7-4.7 12.3-4.7 17 0l62.2 62.2 62.2-62.2c4.7-4.7 12.3-4.7 17 0l22.6 22.6c4.7 4.7 4.7 12.3 0 17z\"><\/path><\/svg><br \/>\n\t\t\t<svg aria-hidden=\"true\" viewBox=\"0 0 448 512\" xmlns=\"http:\/\/www.w3.org\/2000\/svg\"><path d=\"M432 416H16a16 16 0 0 0-16 16v32a16 16 0 0 0 16 16h416a16 16 0 0 0 16-16v-32a16 16 0 0 0-16-16zm0-128H16a16 16 0 0 0-16 16v32a16 16 0 0 0 16 16h416a16 16 0 0 0 16-16v-32a16 16 0 0 0-16-16zm0-128H16a16 16 0 0 0-16 16v32a16 16 0 0 0 16 16h416a16 16 0 0 0 16-16v-32a16 16 0 0 0-16-16zm0-128H16A16 16 0 0 0 0 48v32a16 16 0 0 0 16 16h416a16 16 0 0 0 16-16V48a16 16 0 0 0-16-16z\"><\/path><\/svg><br \/>\n\t\t\t\t\t\t<\/summary>\n<h2><a href=\"#sogno\">Il sogno<\/a><\/h2>\n<h2><a href=\"#missione\">La missione<\/a><\/h2>\n<h2><a href=\"#intervento\">Aree d&#8217;intervento<\/a><\/h2>\n<h2><a href=\"#operiamo\">Come operiamo<\/a><\/h2>\n<h2><a href=\"#fondatrici\">Fondatrici<\/a><\/h2>\n<h2><a href=\"#promotore\">Comitato Promotore<\/a><\/h2>\n<h2><a href=\"#campagna\">Campagna<br \/> &#8220;Domani \u00e8 gia qui&#8221;<\/a><\/h2>\n<h2><a href=\"#contatti\">Contatti<\/a><\/h2>\n<style>\nstrong{color:#e76f51}\n.dynamic-cf7-form-container{\n    background-color:white;padding:30px;border-radius:10px;box-shadow:0 5px 15px rgba(0, 0, 0, 0.1)\n}\nlabel{\ndisplay: block;\n  margin-bottom: 5px;\n  font-weight: 600;\n  color:#E76F51 ;\nfont-family: 'Montserrat', sans-serif;\nfont-size:17px\n}\ninput{\nwidth: 100%;\n  padding: 12px;\n  border: 1px solid #ddd;\n  border-radius: 5px;\n  font-family: 'Montserrat', sans-serif;\n  background-color:#F7F8F9\n}\ntextarea{\nbackground-color:#F7F8F9;\nwidth: 100%;\n border: 1px solid #ddd;\n  border-radius: 5px;\nmin-height: 120px;\n  resize: vertical;\n}\ninput[type=submit]{\nbackground-color:#E76F51;\ncolor:white;\nmargin-top:10px;\npadding: 10px 20px;\n  border-radius: 10px;\n  text-decoration: none;\n  font-weight: 600;\n  transition: all 0.3s ease;\n  display: inline-block;\n  border: none;\n  cursor: pointer;\n  font-size: 1rem;\n  box-shadow: 0 4px 6px rgba(0, 0, 0, 0.2);\n  text-shadow: 0 1px 1px rgba(0, 0, 0, 0.5);\n  white-space: nowrap;\n}\ninput[type=submit]:hover{\nbackground-color: #ffffff;\n  transform: translateY(-2px);\n  box-shadow: 0 6px 12px rgba(0, 0, 0, 0.15);\ncolor:#E76F51 ;\n}\n.wpcf7-select{\nbackground-color:#E76F51;\ncolor:white;\nmargin-top:10px;\npadding: 7px 15px;\n  border-radius: 10px;\n  text-decoration: none;\n  font-weight: 600;\n  transition: all 0.3s ease;\n  display: inline-block;\n  border: none;\n  cursor: pointer;\n  font-size: 1rem;\n  box-shadow: 0 4px 6px rgba(0, 0, 0, 0.2);\n  text-shadow: 0 1px 1px rgba(0, 0, 0, 0.5);\n  white-space: nowrap;\n}\n.wpcf7-select:hover{\nbackground-color: #ffffff;\n  transform: translateY(-2px);\n  box-shadow: 0 6px 12px rgba(0, 0, 0, 0.15);\ncolor:#E76F51 ;\n}\n.elementor-widget-n-accordion .e-n-accordion-item-title-text{\n    text-align: center;\n}\n@media screen and (min-width: 780px) {\n   .elementor-1257 .elementor-element.elementor-element-6230669{  width: 210px!important;\n   }\n}\n@media screen and (max-width: 780px) {\n     .elementor-1257 .elementor-element.elementor-element-6230669{ \n     max-width: 240px!important;\n   }\n}\n    .elementor-1257 .elementor-element.elementor-element-6230669 {\n    position: fixed!important;\n    background-color: #F4A261!important;\n    padding:20px!important;\n    border-radius: 10px!important;\n}\n.elementor-element.elementor-element-87e9b59.elementor-widget-mobile__width-inherit.elementor-widget.elementor-widget-heading{\n    color:black;\n}\n.titolomenu:hover {\n  border: #36BA98;\n  border-style: none solid none none;\n  padding-right: 5px;\n}\n<\/style>\n<\/details>\n<h2><a href=\"#sogno\">Il sogno<\/a><\/h2>\n<h2><a href=\"#missione\">La missione<\/a><\/h2>\n<h2><a href=\"#intervento\">Aree d&#8217;intervento<\/a><\/h2>\n<h2><a href=\"#operiamo\">Come operiamo<\/a><\/h2>\n<h2><a href=\"#fondatrici\">Fondatrici<\/a><\/h2>\n<h2><a href=\"#promotore\">Comitato Promotore<\/a><\/h2>\n<h2><a href=\"#campagna\">Campagna<br \/> &#8220;Domani \u00e8 gia qui&#8221;<\/a><\/h2>\n<h2><a href=\"#contatti\">Contatti<\/a><\/h2>\n<style>\nstrong{color:#e76f51}\n.dynamic-cf7-form-container{\n    background-color:white;padding:30px;border-radius:10px;box-shadow:0 5px 15px rgba(0, 0, 0, 0.1)\n}\nlabel{\ndisplay: block;\n  margin-bottom: 5px;\n  font-weight: 600;\n  color:#E76F51 ;\nfont-family: 'Montserrat', sans-serif;\nfont-size:17px\n}\ninput{\nwidth: 100%;\n  padding: 12px;\n  border: 1px solid #ddd;\n  border-radius: 5px;\n  font-family: 'Montserrat', sans-serif;\n  background-color:#F7F8F9\n}\ntextarea{\nbackground-color:#F7F8F9;\nwidth: 100%;\n border: 1px solid #ddd;\n  border-radius: 5px;\nmin-height: 120px;\n  resize: vertical;\n}\ninput[type=submit]{\nbackground-color:#E76F51;\ncolor:white;\nmargin-top:10px;\npadding: 10px 20px;\n  border-radius: 10px;\n  text-decoration: none;\n  font-weight: 600;\n  transition: all 0.3s ease;\n  display: inline-block;\n  border: none;\n  cursor: pointer;\n  font-size: 1rem;\n  box-shadow: 0 4px 6px rgba(0, 0, 0, 0.2);\n  text-shadow: 0 1px 1px rgba(0, 0, 0, 0.5);\n  white-space: nowrap;\n}\ninput[type=submit]:hover{\nbackground-color: #ffffff;\n  transform: translateY(-2px);\n  box-shadow: 0 6px 12px rgba(0, 0, 0, 0.15);\ncolor:#E76F51 ;\n}\n.wpcf7-select{\nbackground-color:#E76F51;\ncolor:white;\nmargin-top:10px;\npadding: 7px 15px;\n  border-radius: 10px;\n  text-decoration: none;\n  font-weight: 600;\n  transition: all 0.3s ease;\n  display: inline-block;\n  border: none;\n  cursor: pointer;\n  font-size: 1rem;\n  box-shadow: 0 4px 6px rgba(0, 0, 0, 0.2);\n  text-shadow: 0 1px 1px rgba(0, 0, 0, 0.5);\n  white-space: nowrap;\n}\n.wpcf7-select:hover{\nbackground-color: #ffffff;\n  transform: translateY(-2px);\n  box-shadow: 0 6px 12px rgba(0, 0, 0, 0.15);\ncolor:#E76F51 ;\n}\n.elementor-widget-n-accordion .e-n-accordion-item-title-text{\n    text-align: center;\n}\n@media screen and (min-width: 780px) {\n   .elementor-1257 .elementor-element.elementor-element-6230669{  width: 210px!important;\n   }\n}\n@media screen and (max-width: 780px) {\n     .elementor-1257 .elementor-element.elementor-element-6230669{ \n     max-width: 240px!important;\n   }\n}\n    .elementor-1257 .elementor-element.elementor-element-6230669 {\n    position: fixed!important;\n    background-color: #F4A261!important;\n    padding:20px!important;\n    border-radius: 10px!important;\n}\n.elementor-element.elementor-element-87e9b59.elementor-widget-mobile__width-inherit.elementor-widget.elementor-widget-heading{\n    color:black;\n}\n.titolomenu:hover {\n  border: #36BA98;\n  border-style: none solid none none;\n  padding-right: 5px;\n}\n<\/style>\n<p>\t\t\t\t\t<a href=\"#contatti\"><br \/>\n\t\t\t\t\t\t\t\t\tSostieni<br \/>\n\t\t\t\t\t<\/a><\/p>\n<h2>Se non ora, quando?<\/h2>\n<p>\t\t\tAnni per colmare il gender gap<br \/>\n\t\t\t\t0<br \/>\n\t\t\tGiovani NEET in Italia<br \/>\n\t\t\t\t0<br \/>\n\t\t\t\t%<br \/>\n\t\t\tTasso di occupazione giovani 15-29 anni<br \/>\n\t\t\t\t0<br \/>\n\t\t\t\t%<\/p>\n<h2>Perch\u00e9 Futuro Prossimo<\/h2>\n<p>Fondazione Futuro prossimo \u00e8 un sogno, prima ancora che un progetto che esprime la volont\u00e0 che da sempre proviamo a perseguire di tenere insieme passione, vocazione, missione e professione nella convinzione che, in ogni dimensione di vita (personale, professionale, sociale e comunitaria) si pu\u00f2 essere agenti di cambiamento.<\/p>\n<p>Un\u2019aspirazione che si traduce in impegno costante, quotidiano e concreto, fatto di un \u00aboggi\u00bb di senso che, tassello dopo tassello alimenta quella che, senza azioni concrete, rimarrebbe solamente una \u00abvisione di futuro\u00bb ma che, in questo modo, diventa invece sempre pi\u00f9 prossimo perch\u00e9 vissuto, alimentato e costruito nel \u00abqui ed ora\u00bb.<\/p>\n<p>Un futuro prossimo, ma anche un futuro plurale, in grado di guardare alla dimensione comunitaria, in grado di accompagnare ciascuno ad avere desiderio di futuro e opportunit\u00e0 per costruirlo, a partire dai propri sogni.<\/p>\n<p>A partire da questa ambizione di senso, con Fondazione Futuro Prossimo intendiamo creare le condizioni per favorire percorsi di cambiamento e di crescita personale e professionale, con un\u2019attenzione particolare per le donne e i giovani che (con le loro competenze, talenti, sensibilit\u00e0, valori) rappresentano l\u2019opportunit\u00e0 che ha oggi il nostro Paese di essere nuovamente generativo.<\/p>\n<p>Intendiamo non agire in solitaria. Ci piacerebbe, infatti, che la Fondazione rappresentasse un \u00abluogo\u00bb aperto in cui singoli o organizzazione possano offrire competenze, risorse, spunti, orientamenti per poter riuscire in questo progetto.<\/p>\n<p>\t\t\t\t\t<a href=\"https:\/\/www.fondazionefuturoprossimo.it\/wp-content\/uploads\/2025\/07\/Docuento-Fondativo-1.pdf\" target=\"_blank\"><br \/>\n\t\t\t\t\t\t\t\t\tScarica il nostro documento fondativo<br \/>\n\t\t\t\t\t<\/a><\/p>\n<h2>Il nostro impegno<br \/><\/h2>\n<p>La Fondazione operer\u00e0 in Campania e nel centro-sud, sostenendo e realizzando:<\/p>\n<p><strong>Programmi rivolti a donne e giovani,<\/strong> con l&#8217;obiettivo di accrescere consapevolezza di s\u00e9, conoscenze e saperi, competenze e opportunit\u00e0;<\/p>\n<p><strong>Azioni che coinvolgano l&#8217;intero ecosistema degli stakeholder<\/strong> che possono avere un ruolo attivo in questo processo di cambiamento (universit\u00e0, scuole, imprese, istituzioni e realt\u00e0 del terzo settore) per favorire la sperimentazione di modelli innovativi di collaborazione, la possibilit\u00e0 di costruire reti virtuose e di contaminazione e crescita reciproca.<\/p>\n<p><strong>Lo scopo \u00e8 sostenere, supportare e offrire opportunit\u00e0 affinch\u00e9 ciascun giovane o donna sia messo nelle condizioni di essere ci\u00f2 che desidera essere.<\/strong><\/p>\n<p>\t\t\t\t\t\t\t\t\t\t\t\t\t\t\t<img loading=\"lazy\" decoding=\"async\" width=\"1920\" height=\"1280\" src=\"https:\/\/www.fondazionefuturoprossimo.it\/wp-content\/uploads\/2025\/05\/meeting-foto.jpg\" alt=\"\" srcset=\"https:\/\/www.fondazionefuturoprossimo.it\/wp-content\/uploads\/2025\/05\/meeting-foto.jpg 1920w, https:\/\/www.fondazionefuturoprossimo.it\/wp-content\/uploads\/2025\/05\/meeting-foto-300x200.jpg 300w, https:\/\/www.fondazionefuturoprossimo.it\/wp-content\/uploads\/2025\/05\/meeting-foto-1024x683.jpg 1024w, https:\/\/www.fondazionefuturoprossimo.it\/wp-content\/uploads\/2025\/05\/meeting-foto-768x512.jpg 768w, https:\/\/www.fondazionefuturoprossimo.it\/wp-content\/uploads\/2025\/05\/meeting-foto-1536x1024.jpg 1536w\" sizes=\"auto, (max-width: 1920px) 100vw, 1920px\" \/>\t\t\t\t\t\t\t\t\t\t\t\t\t\t\t<\/p>\n<h2>Le aree d&#8217;intervento<\/h2>\n<p>La Fondazione intende sostenere percorsi in grado di\u00a0 accrescere consapevolezza di se, rafforzare conoscenze e\u00a0 competenze essere catalizzatori di opportunit\u00e0, nei seguenti ambiti di intervento:<\/p>\n<p style=\"text-align: left;\"><strong>Formazione e lavoro<\/strong><\/p>\n<p><em><strong>Per i giovani<\/strong><\/em><\/p>\n<p><em><strong>Per le donne<\/strong><\/em><\/p>\n<p style=\"text-align: left;\">NEET<\/p>\n<p>Adulte inoccupate o fuorisuscite dal mercato del lavoro<\/p>\n<p style=\"text-align: left;\"><strong>Educazione, cultura e sport<\/strong><\/p>\n<p><em><strong>Per i giovani<\/strong><\/em><\/p>\n<p><em><strong>Per le donne<\/strong><\/em><\/p>\n<p>Adolescenti in condizioni di povert\u00e0 cultulrale ed educativa<\/p>\n<p style=\"text-align: left;\"><strong>&#8230;come opportunit\u00e0 imprenditoriale e di autoimpiego<\/strong><\/p>\n<p>Donne adulte inoccupate o fuorisuscite dal mercato del lavoro<\/p>\n<p style=\"text-align: left;\"><strong>Welfare<\/strong><\/p>\n<p><strong>PER I GIOVANI<\/strong><\/p>\n<p>.<strong>..come orientamento alle professioni del settore<\/strong><\/p>\n<p>Studenti\u00a0<\/p>\n<p>Giovani lavoratori<\/p>\n<p style=\"text-align: left;\"><strong>PER LE DONNE<\/strong><\/p>\n<p style=\"text-align: left;\"><strong>&#8230;come opportunit\u00e0 imprenditoriale e di autoimpiego<\/strong><\/p>\n<p>donne giovani e adulte<\/p>\n<p><strong>&#8230;come servizio<\/strong><\/p>\n<p>donne lavoratrici<\/p>\n<p style=\"text-align: left;\"><strong>Partecipazione socio-politica, leadership e servizio<\/strong><\/p>\n<p><em><strong>Per i giovani<\/strong><\/em><\/p>\n<p><em><strong>Per le donne<\/strong><\/em><\/p>\n<p>Under 30<\/p>\n<p>cittadine<\/p>\n<h2>Il modello operativo<\/h2>\n<p>La Fondazione intende promuovere un modello di filantropia strategica, orientata all&#8217;impatto, che superi la logica di sostegno a singoli progetti\u00a0 e sia sempre pi\u00f9 orientata alla costruzione di processi caratterizzati da un approccio sinergico, una visione di medio-lungo periodo, un orientamento agli impatti intenzionalmente definiti e monitorati nel tempo.<\/p>\n<p style=\"text-align: left;\"><strong>LINEA EROGATIVA<\/strong><\/p>\n<p style=\"text-align: left;\">Ambiamo alla costituzione di fondo erogativo impact driven.<\/p>\n<p style=\"text-align: left;\"><strong>ATTIVITA&#8217;\u00a0<\/strong><\/p>\n<p style=\"text-align: left;\"><strong>Raccolta<\/strong> fondi<\/p>\n<p style=\"text-align: left;\"><strong>Indirizzo <\/strong>risorse secondo modello di impatto<\/p>\n<p style=\"text-align: left;\"><strong>Selezione e accompagnamento<\/strong> delle organizzazioni finanziate<\/p>\n<p><b>LE RISORSE SARANNO UTILIZZATE PER<\/b><\/p>\n<p>Supporto al rafforzamento e alla crescita delle organizzazioni operanti per gli obiettivi strategici della fondazione<\/p>\n<p>Accompagnamento alla nascita di nuove organizzazioni impegnate su questi temi<\/p>\n<p>Supporto a sperimentazione di nuovi modelli progettuali\u00a0 <\/p>\n<p><strong>MODALITA&#8217; DI EROGAZIONE<\/strong><\/p>\n<p>Verr\u00e0 definito un modello di erogazione differenziate che terr\u00e0 conto del tipo di organizzazione, del livello di maturit\u00e0 della stessa, del tipo di azione da supportare e dagli impatti attesi.<\/p>\n<p><strong>POSSIBILI FORME DI SOSTEGNO<\/strong>: Grant, Equity, Finanziamenti outcome based<\/p>\n<p><strong>PER LE ORGANIZZAZIONI SOSTENITRICI<\/strong>:\u00a0Valutazione d&#8217;impatto certificata da<\/p>\n<p style=\"text-align: left;\"><b style=\"color: #000080; text-wrap-mode: initial; letter-spacing: -0.1px;\">LINEA OPERATIVA<\/b><\/p>\n<p style=\"text-align: left;\">Azioni specifiche, in collaborazione con organizzazioni del terzo settore, imprese, universit\u00e0, scuole, istituzioni ed enti\u00a0pubblici.<\/p>\n<p><b>LE AZIONI PRINCIPALI RIGUARDERANNO<\/b><\/p>\n<p>Sensibilizzazione della comunit\u00e0 e dei diversi attori sociali ed economici<\/p>\n<p>Sperimentazione di modelli di collaborazione pubblico-privata innovativi<\/p>\n<p>Rete e networking con le donne e per le donne<\/p>\n<h2>Le fondatrici<\/h2>\n<p>\t\t\t\t\t\t\t\t\t\t\t\t\t\t\t<img loading=\"lazy\" decoding=\"async\" width=\"264\" height=\"260\" src=\"https:\/\/www.fondazionefuturoprossimo.it\/wp-content\/uploads\/2025\/07\/Immagine2.jpg\" alt=\"\" \/>\t\t\t\t\t\t\t\t\t\t\t\t\t\t\t<\/p>\n<h2>Raffaella <br \/>Ruocco<\/h2>\n<p>Sono una cooperatrice campana, Amministratrice di due cooperative sociali, Proodos e ParteNeapolis, Founder e Presidente di O.R.A. Opportunit\u00e0, Responsabilit\u00e0, Azione Associazione di Promozione Sociale.<\/p>\n<p>Da alcuni anni, al mio lavoro sul campo accompagno l\u2019impegno nella rappresentanza nella grande organizzazione di Confcooperative, dove rivesto diversi ruoli, regionali e nazionali.<\/p>\n<p>Sono componente della Consulta per la condizione della donna della Regione Campania e del Tavolo sul Welfare Territoriale dell\u2019Osservatorio di Economia Civile della Regione Campania. Ho una Laurea in Giurisprudenza conseguita presso l\u2019Universit\u00e0 Federico II di Napoli.\u00a0 \u00a0 \u00a0 \u00a0 \u00a0 \u00a0 \u00a0 \u00a0 \u00a0 \u00a0 \u00a0 \u00a0 \u00a0 \u00a0 \u00a0 \u00a0 \u00a0 \u00a0 \u00a0 \u00a0 \u00a0 \u00a0 \u00a0 \u00a0 \u00a0 \u00a0 \u00a0 \u00a0 \u00a0 \u00a0 \u00a0 \u00a0 \u00a0 \u00a0 \u00a0 \u00a0 \u00a0 \u00a0 \u00a0 \u00a0 \u00a0 \u00a0 \u00a0 \u00a0 \u00a0 \u00a0 \u00a0 \u00a0 \u00a0 \u00a0 \u00a0 \u00a0 \u00a0 \u00a0 \u00a0 \u00a0 \u00a0 \u00a0 \u00a0 \u00a0 \u00a0 \u00a0 \u00a0 \u00a0 \u00a0 \u00a0 \u00a0 \u00a0 \u00a0 \u00a0 \u00a0 \u00a0 \u00a0 \u00a0 \u00a0 \u00a0 \u00a0 \u00a0 \u00a0 \u00a0 \u00a0 \u00a0 \u00a0 \u00a0 \u00a0 \u00a0 \u00a0 \u00a0 \u00a0 \u00a0 \u00a0 \u00a0 \u00a0 \u00a0 \u00a0 \u00a0 \u00a0 \u00a0 \u00a0 \u00a0 \u00a0 \u00a0 \u00a0 \u00a0 \u00a0 \u00a0 \u00a0 \u00a0 \u00a0 \u00a0 \u00a0 \u00a0 \u00a0 \u00a0 \u00a0 \u00a0 \u00a0 \u00a0 \u00a0 \u00a0 \u00a0 \u00a0 \u00a0 \u00a0 \u00a0 \u00a0 \u00a0 \u00a0 \u00a0 \u00a0 \u00a0 \u00a0 \u00a0 \u00a0 \u00a0 \u00a0 \u00a0 \u00a0 \u00a0 \u00a0 \u00a0 \u00a0<\/p>\n<p style=\"text-align: left;\"><strong>La veduta dipende dallo sguardo, la frase che mi ha educato a cogliere il buono e il bello che \u00e8 in tutte le cose!<\/strong><\/p>\n<p>\t\t\t\t\t\t\t\t\t\t\t\t\t\t\t<img loading=\"lazy\" decoding=\"async\" width=\"273\" height=\"257\" src=\"https:\/\/www.fondazionefuturoprossimo.it\/wp-content\/uploads\/2025\/07\/Immagine3.png\" alt=\"\" \/>\t\t\t\t\t\t\t\t\t\t\t\t\t\t\t<\/p>\n<h2>Elisabetta <br \/> Scognamiglio<\/h2>\n<p style=\"text-align: left;\">Sono consulente per la valutazione e pianificazione d\u2019impatto.\u00a0<br \/>Collaboro con Open Impact per lo sviluppo di una piattaforma digitale per l\u2019analisi di\u00a0impatto delle organizzazioni corporate.<\/p>\n<p>Per sette anni ho coordinato il team di Impact Evaluation e Management in Italiacamp.<\/p>\n<p>Precedentemente Project Manager per il progetto \u201cMicrocredito Donna\u201d e \u00abMircrocredito per l\u2019Abruzzo\u00bb in Microcredito per l\u2019Italia.\u00a0<\/p>\n<p>Ho conseguito un dottorato di ricerca in economia all\u2019Universit\u00e0 Federico II con tesi sulla valutazione del social risk nei Social Impact Bond e un Master in Microcredito e Imprenditoria Sociale presso l\u2019Universit\u00e0 di Bologna. Sono cofondatrice di O.R.A.- Opportunit\u00e0, Responsabilit\u00e0, Azione- Associazione di promozione sociale.<\/p>\n<p style=\"text-align: left;\"><strong>Sin dai miei studi, la mia citazione guida: &#8220;<em>il sapere serve solo per darlo<\/em>&#8221;\u00a0 \u00a0 \u00a0 \u00a0 \u00a0 \u00a0 \u00a0 \u00a0 \u00a0 \u00a0 \u00a0 \u00a0 \u00a0 \u00a0 \u00a0 \u00a0 \u00a0 \u00a0 \u00a0 \u00a0 \u00a0 \u00a0 \u00a0 \u00a0 \u00a0 \u00a0 \u00a0 \u00a0 \u00a0 \u00a0 \u00a0 \u00a0 \u00a0 \u00a0 \u00a0 \u00a0 \u00a0 \u00a0 \u00a0 \u00a0 \u00a0 \u00a0 \u00a0 \u00a0 \u00a0 \u00a0 \u00a0 \u00a0 \u00a0 \u00a0 \u00a0 \u00a0 \u00a0<\/strong><\/p>\n<h2>Comitato Promotore<\/h2>\n<h2>Perch\u00e9 un futuro prossimo non pu\u00f2 che essere un futuro plurale.<\/h2>\n<p>\t\t\t\t\t\t\t\t\t\t\t\t\t\t\t<img loading=\"lazy\" decoding=\"async\" width=\"408\" height=\"407\" src=\"https:\/\/www.fondazionefuturoprossimo.it\/wp-content\/uploads\/2025\/08\/stefania-b.png\" alt=\"\" srcset=\"https:\/\/www.fondazionefuturoprossimo.it\/wp-content\/uploads\/2025\/08\/stefania-b.png 408w, https:\/\/www.fondazionefuturoprossimo.it\/wp-content\/uploads\/2025\/08\/stefania-b-300x300.png 300w, https:\/\/www.fondazionefuturoprossimo.it\/wp-content\/uploads\/2025\/08\/stefania-b-150x150.png 150w\" sizes=\"auto, (max-width: 408px) 100vw, 408px\" \/>\t\t\t\t\t\t\t\t\t\t\t\t\t\t\t<\/p>\n<details id=\"e-n-accordion-item-1140\" >\n<summary data-accordion-index=\"1\" tabindex=\"0\" aria-expanded=\"false\" aria-controls=\"e-n-accordion-item-1140\" >\n\t\t\t\t\t Stefania Brancaccio<br \/> Vice Presidentessa <br \/> COELMO S.p.A.<br \/>\n\t\t\t\t\t\t\t\t\t<\/summary>\n<\/details>\n<p>\t\t\t\t\t\t\t\t\t\t\t\t\t\t\t<img loading=\"lazy\" decoding=\"async\" width=\"377\" height=\"307\" src=\"https:\/\/www.fondazionefuturoprossimo.it\/wp-content\/uploads\/2025\/08\/vanessa.png\" alt=\"\" srcset=\"https:\/\/www.fondazionefuturoprossimo.it\/wp-content\/uploads\/2025\/08\/vanessa.png 377w, https:\/\/www.fondazionefuturoprossimo.it\/wp-content\/uploads\/2025\/08\/vanessa-300x244.png 300w\" sizes=\"auto, (max-width: 377px) 100vw, 377px\" \/>\t\t\t\t\t\t\t\t\t\t\t\t\t\t\t<\/p>\n<details id=\"e-n-accordion-item-1480\" >\n<summary data-accordion-index=\"1\" tabindex=\"0\" aria-expanded=\"false\" aria-controls=\"e-n-accordion-item-1480\" >\n\t\t\t\t\t Vanessa Coppola <br \/> Head of Innovation &amp; Corporate Venturing <br \/> THE QUBE<br \/>\n\t\t\t\t\t\t\t\t\t<\/summary>\n<\/details>\n<p>\t\t\t\t\t\t\t\t\t\t\t\t\t\t\t<img loading=\"lazy\" decoding=\"async\" width=\"620\" height=\"525\" src=\"https:\/\/www.fondazionefuturoprossimo.it\/wp-content\/uploads\/2025\/08\/luca.png\" alt=\"\" srcset=\"https:\/\/www.fondazionefuturoprossimo.it\/wp-content\/uploads\/2025\/08\/luca.png 620w, https:\/\/www.fondazionefuturoprossimo.it\/wp-content\/uploads\/2025\/08\/luca-300x254.png 300w\" sizes=\"auto, (max-width: 620px) 100vw, 620px\" \/>\t\t\t\t\t\t\t\t\t\t\t\t\t\t\t<\/p>\n<details id=\"e-n-accordion-item-8480\" >\n<summary data-accordion-index=\"1\" tabindex=\"0\" aria-expanded=\"false\" aria-controls=\"e-n-accordion-item-8480\" >\n\t\t\t\t\t Luca De Simoni <br \/> Head of CSR &amp; Sustainability <br \/> Lega Nazionale Dilettanti<br \/>\n\t\t\t\t\t\t\t\t\t<\/summary>\n<\/details>\n<p>\t\t\t\t\t\t\t\t\t\t\t\t\t\t\t<img loading=\"lazy\" decoding=\"async\" width=\"228\" height=\"222\" src=\"https:\/\/www.fondazionefuturoprossimo.it\/wp-content\/uploads\/2025\/08\/emilia.png\" alt=\"\" \/>\t\t\t\t\t\t\t\t\t\t\t\t\t\t\t<\/p>\n<details id=\"e-n-accordion-item-2090\" >\n<summary data-accordion-index=\"1\" tabindex=\"0\" aria-expanded=\"false\" aria-controls=\"e-n-accordion-item-2090\" >\n\t\t\t\t\t Emilia Di Lorenzo<br \/> Professoressa ordinaria <br \/>Universit\u00e0 degli Studi di Napoli Federico II<br \/>\n\t\t\t\t\t\t\t\t\t<\/summary>\n<\/details>\n<p>\t\t\t\t\t\t\t\t\t\t\t\t\t\t\t<img loading=\"lazy\" decoding=\"async\" width=\"408\" height=\"368\" src=\"https:\/\/www.fondazionefuturoprossimo.it\/wp-content\/uploads\/2025\/08\/Atalia.png\" alt=\"\" srcset=\"https:\/\/www.fondazionefuturoprossimo.it\/wp-content\/uploads\/2025\/08\/Atalia.png 408w, https:\/\/www.fondazionefuturoprossimo.it\/wp-content\/uploads\/2025\/08\/Atalia-300x271.png 300w\" sizes=\"auto, (max-width: 408px) 100vw, 408px\" \/>\t\t\t\t\t\t\t\t\t\t\t\t\t\t\t<\/p>\n<details id=\"e-n-accordion-item-2110\" >\n<summary data-accordion-index=\"1\" tabindex=\"0\" aria-expanded=\"false\" aria-controls=\"e-n-accordion-item-2110\" >\n\t\t\t\t\t Atalia Del Bene<br \/> Docente di Matematica<br \/>\n\t\t\t\t\t\t\t\t\t<\/summary>\n<\/details>\n<p>\t\t\t\t\t\t\t\t\t\t\t\t\t\t\t<img loading=\"lazy\" decoding=\"async\" width=\"515\" height=\"412\" src=\"https:\/\/www.fondazionefuturoprossimo.it\/wp-content\/uploads\/2025\/08\/Stefania-p.png\" alt=\"\" srcset=\"https:\/\/www.fondazionefuturoprossimo.it\/wp-content\/uploads\/2025\/08\/Stefania-p.png 515w, https:\/\/www.fondazionefuturoprossimo.it\/wp-content\/uploads\/2025\/08\/Stefania-p-300x240.png 300w\" sizes=\"auto, (max-width: 515px) 100vw, 515px\" \/>\t\t\t\t\t\t\t\t\t\t\t\t\t\t\t<\/p>\n<details id=\"e-n-accordion-item-8770\" >\n<summary data-accordion-index=\"1\" tabindex=\"0\" aria-expanded=\"false\" aria-controls=\"e-n-accordion-item-8770\" >\n\t\t\t\t\t Stefania Portioli<br \/> Amministratrice Delegata <br \/> SORA Gualtieri<br \/>\n\t\t\t\t\t\t\t\t\t<\/summary>\n<\/details>\n<p>\t\t\t\t\t\t\t\t\t\t\t\t\t\t\t<img loading=\"lazy\" decoding=\"async\" width=\"303\" height=\"262\" src=\"https:\/\/www.fondazionefuturoprossimo.it\/wp-content\/uploads\/2025\/08\/tiziana.png\" alt=\"\" srcset=\"https:\/\/www.fondazionefuturoprossimo.it\/wp-content\/uploads\/2025\/08\/tiziana.png 303w, https:\/\/www.fondazionefuturoprossimo.it\/wp-content\/uploads\/2025\/08\/tiziana-300x259.png 300w\" sizes=\"auto, (max-width: 303px) 100vw, 303px\" \/>\t\t\t\t\t\t\t\t\t\t\t\t\t\t\t<\/p>\n<details id=\"e-n-accordion-item-1720\" >\n<summary data-accordion-index=\"1\" tabindex=\"0\" aria-expanded=\"false\" aria-controls=\"e-n-accordion-item-1720\" >\n\t\t\t\t\t Tiziana Russo Spena<br \/> Professoressa Ordinaria <br \/> Universit\u00e0 degli Studi di Napoli &#8220;Federico II&#8221;<br \/>\n\t\t\t\t\t\t\t\t\t<\/summary>\n<\/details>\n<h2>Come puoi sostenere la Fondazione<\/h2>\n<p><strong>SE SEI UNA IMPRESA O UNA RETE DI IMPRESE<\/strong><\/p>\n<p>Puoi sostenere la fondazione attraverso un modello di funding che costruiremo insieme e che coniugher\u00e0 impatti attesi e strategia di sostenibilit\u00e0 sociale della tua organizzazione.<\/p>\n<p><strong>SE SEI UNA ISTITUZIONE FINANZIARIA O UNA FONDAZIONE<\/strong><\/p>\n<p>Puoi diventare cofinanziatore del primo fondo tematico che andremo a costituire-<\/p>\n<p><strong>SE SEI UNA PERSONA FISICA<\/strong><\/p>\n<p>Puoi sostenere la fondazione con una donazione o entrare a far parte del comitato promotore, aiutandoci ad allargare la rete a supporto del progetto<\/p>\n<p>\t\t\t\t\t\t\t\t\t\t\t\t\t\t\t<img loading=\"lazy\" decoding=\"async\" width=\"1920\" height=\"1280\" src=\"https:\/\/www.fondazionefuturoprossimo.it\/wp-content\/uploads\/2025\/05\/team-4529717_1920.jpg\" alt=\"\" srcset=\"https:\/\/www.fondazionefuturoprossimo.it\/wp-content\/uploads\/2025\/05\/team-4529717_1920.jpg 1920w, https:\/\/www.fondazionefuturoprossimo.it\/wp-content\/uploads\/2025\/05\/team-4529717_1920-300x200.jpg 300w, https:\/\/www.fondazionefuturoprossimo.it\/wp-content\/uploads\/2025\/05\/team-4529717_1920-1024x683.jpg 1024w, https:\/\/www.fondazionefuturoprossimo.it\/wp-content\/uploads\/2025\/05\/team-4529717_1920-768x512.jpg 768w, https:\/\/www.fondazionefuturoprossimo.it\/wp-content\/uploads\/2025\/05\/team-4529717_1920-1536x1024.jpg 1536w\" sizes=\"auto, (max-width: 1920px) 100vw, 1920px\" \/>\t\t\t\t\t\t\t\t\t\t\t\t\t\t\t<\/p>\n<h2>Contattaci e Sostienici<\/h2>\n<p>\t\t\t\t\t<a href=\"https:\/\/www.fondazionefuturoprossimo.it\/?page_id=767\"><br \/>\n\t\t\t\t<svg aria-hidden=\"true\" viewBox=\"0 0 576 512\" xmlns=\"http:\/\/www.w3.org\/2000\/svg\"><path d=\"M275.3 250.5c7 7.4 18.4 7.4 25.5 0l108.9-114.2c31.6-33.2 29.8-88.2-5.6-118.8-30.8-26.7-76.7-21.9-104.9 7.7L288 36.9l-11.1-11.6C248.7-4.4 202.8-9.2 172 17.5c-35.3 30.6-37.2 85.6-5.6 118.8l108.9 114.2zm290 77.6c-11.8-10.7-30.2-10-42.6 0L430.3 402c-11.3 9.1-25.4 14-40 14H272c-8.8 0-16-7.2-16-16s7.2-16 16-16h78.3c15.9 0 30.7-10.9 33.3-26.6 3.3-20-12.1-37.4-31.6-37.4H192c-27 0-53.1 9.3-74.1 26.3L71.4 384H16c-8.8 0-16 7.2-16 16v96c0 8.8 7.2 16 16 16h356.8c14.5 0 28.6-4.9 40-14L564 377c15.2-12.1 16.4-35.3 1.3-48.9z\"><\/path><\/svg><br \/>\n\t\t\t\t\t\t\t\t\tDona Ora<br \/>\n\t\t\t\t\t<\/a><br \/>\n\t\t[contact-form-7 id=&#8221;247978d&#8221; title=&#8221;Modulo di contatto Home&#8221;]\t\t<\/p>\n<h2>Diventa Promotore<\/h2>\n<p>Condividi la visione e gli obiettivi della Fondazione e amplifica l&#8217;efficacia promuovendo le attivit\u00e0 nel tuo network personale e professionale.<\/p>\n<h2>Diventa Sostenitore<\/h2>\n<p>Contribuisci alla costituzione del nostro fondo di erogazione. Le modalit\u00e0 di contribuzione potranno essere definite congiuntamente.<\/p>\n<p>\t\t\t\t\t\t\t\t\t\t\t\t\t\t\t<img loading=\"lazy\" decoding=\"async\" width=\"500\" height=\"500\" src=\"https:\/\/www.fondazionefuturoprossimo.it\/wp-content\/uploads\/2025\/06\/Progetto_senza_titolo-removebg-preview.png\" alt=\"\" srcset=\"https:\/\/www.fondazionefuturoprossimo.it\/wp-content\/uploads\/2025\/06\/Progetto_senza_titolo-removebg-preview.png 500w, https:\/\/www.fondazionefuturoprossimo.it\/wp-content\/uploads\/2025\/06\/Progetto_senza_titolo-removebg-preview-300x300.png 300w, https:\/\/www.fondazionefuturoprossimo.it\/wp-content\/uploads\/2025\/06\/Progetto_senza_titolo-removebg-preview-150x150.png 150w\" sizes=\"auto, (max-width: 500px) 100vw, 500px\" \/>\t\t\t\t\t\t\t\t\t\t\t\t\t\t\t<\/p>\n<h2>Fondazione<\/h2>\n<h2>Futuro Prossimo<\/h2>\n<h2>Link Utili<\/h2>\n<h2><a href=\"#missione\">La missione<\/a><\/h2>\n<h2><a href=\"#intervento\">Aree di intervento<\/a><\/h2>\n<h2><a href=\"#fondatrici\">Fondatrici<\/a><\/h2>\n<h2><a href=\"#promotore\">Comitato promotore<\/a><\/h2>\n<h2>Contatti<\/h2>\n<h2>Sede: <br \/>\nin fase di definizione<\/h2>\n<h2>Telefono:<br \/>\n+39 XXXXXXXXXX<\/h2>\n<h2>Email:<br \/>\nfondazionefuturoprossimo@gmail.com<\/h2>\n<h2>Seguici<\/h2>\n<p>\t\t\t\t\t<a target=\"_blank\"><br \/>\n\t\t\t\t\t\tFacebook<br \/>\n\t\t\t\t\t\t<svg viewBox=\"0 0 512 512\" xmlns=\"http:\/\/www.w3.org\/2000\/svg\"><path d=\"M504 256C504 119 393 8 256 8S8 119 8 256c0 123.78 90.69 226.38 209.25 245V327.69h-63V256h63v-54.64c0-62.15 37-96.48 93.67-96.48 27.14 0 55.52 4.84 55.52 4.84v61h-31.28c-30.8 0-40.41 19.12-40.41 38.73V256h68.78l-11 71.69h-57.78V501C413.31 482.38 504 379.78 504 256z\"><\/path><\/svg>\t\t\t\t\t<\/a><br \/>\n\t\t\t\t\t<a target=\"_blank\"><br \/>\n\t\t\t\t\t\tTwitter<br \/>\n\t\t\t\t\t\t<svg viewBox=\"0 0 512 512\" xmlns=\"http:\/\/www.w3.org\/2000\/svg\"><path d=\"M459.37 151.716c.325 4.548.325 9.097.325 13.645 0 138.72-105.583 298.558-298.558 298.558-59.452 0-114.68-17.219-161.137-47.106 8.447.974 16.568 1.299 25.34 1.299 49.055 0 94.213-16.568 130.274-44.832-46.132-.975-84.792-31.188-98.112-72.772 6.498.974 12.995 1.624 19.818 1.624 9.421 0 18.843-1.3 27.614-3.573-48.081-9.747-84.143-51.98-84.143-102.985v-1.299c13.969 7.797 30.214 12.67 47.431 13.319-28.264-18.843-46.781-51.005-46.781-87.391 0-19.492 5.197-37.36 14.294-52.954 51.655 63.675 129.3 105.258 216.365 109.807-1.624-7.797-2.599-15.918-2.599-24.04 0-57.828 46.782-104.934 104.934-104.934 30.213 0 57.502 12.67 76.67 33.137 23.715-4.548 46.456-13.32 66.599-25.34-7.798 24.366-24.366 44.833-46.132 57.827 21.117-2.273 41.584-8.122 60.426-16.243-14.292 20.791-32.161 39.308-52.628 54.253z\"><\/path><\/svg>\t\t\t\t\t<\/a><br \/>\n\t\t\t\t\t<a target=\"_blank\"><br \/>\n\t\t\t\t\t\tInstagram<br \/>\n\t\t\t\t\t\t<svg viewBox=\"0 0 448 512\" xmlns=\"http:\/\/www.w3.org\/2000\/svg\"><path d=\"M224.1 141c-63.6 0-114.9 51.3-114.9 114.9s51.3 114.9 114.9 114.9S339 319.5 339 255.9 287.7 141 224.1 141zm0 189.6c-41.1 0-74.7-33.5-74.7-74.7s33.5-74.7 74.7-74.7 74.7 33.5 74.7 74.7-33.6 74.7-74.7 74.7zm146.4-194.3c0 14.9-12 26.8-26.8 26.8-14.9 0-26.8-12-26.8-26.8s12-26.8 26.8-26.8 26.8 12 26.8 26.8zm76.1 27.2c-1.7-35.9-9.9-67.7-36.2-93.9-26.2-26.2-58-34.4-93.9-36.2-37-2.1-147.9-2.1-184.9 0-35.8 1.7-67.6 9.9-93.9 36.1s-34.4 58-36.2 93.9c-2.1 37-2.1 147.9 0 184.9 1.7 35.9 9.9 67.7 36.2 93.9s58 34.4 93.9 36.2c37 2.1 147.9 2.1 184.9 0 35.9-1.7 67.7-9.9 93.9-36.2 26.2-26.2 34.4-58 36.2-93.9 2.1-37 2.1-147.8 0-184.8zM398.8 388c-7.8 19.6-22.9 34.7-42.6 42.6-29.5 11.7-99.5 9-132.1 9s-102.7 2.6-132.1-9c-19.6-7.8-34.7-22.9-42.6-42.6-11.7-29.5-9-99.5-9-132.1s-2.6-102.7 9-132.1c7.8-19.6 22.9-34.7 42.6-42.6 29.5-11.7 99.5-9 132.1-9s102.7-2.6 132.1 9c19.6 7.8 34.7 22.9 42.6 42.6 11.7 29.5 9 99.5 9 132.1s2.7 102.7-9 132.1z\"><\/path><\/svg>\t\t\t\t\t<\/a><br \/>\n\t\t\t\t\t<a target=\"_blank\"><br \/>\n\t\t\t\t\t\tLinkedin<br \/>\n\t\t\t\t\t\t<svg viewBox=\"0 0 448 512\" xmlns=\"http:\/\/www.w3.org\/2000\/svg\"><path d=\"M416 32H31.9C14.3 32 0 46.5 0 64.3v383.4C0 465.5 14.3 480 31.9 480H416c17.6 0 32-14.5 32-32.3V64.3c0-17.8-14.4-32.3-32-32.3zM135.4 416H69V202.2h66.5V416zm-33.2-243c-21.3 0-38.5-17.3-38.5-38.5S80.9 96 102.2 96c21.2 0 38.5 17.3 38.5 38.5 0 21.3-17.2 38.5-38.5 38.5zm282.1 243h-66.4V312c0-24.8-.5-56.7-34.5-56.7-34.6 0-39.9 27-39.9 54.9V416h-66.4V202.2h63.7v29.2h.9c8.9-16.8 30.6-34.5 62.9-34.5 67.2 0 79.7 44.3 79.7 101.9V416z\"><\/path><\/svg>\t\t\t\t\t<\/a><\/p>\n<h2>\n\u00a9 2025 Fondazione Futuro Prossimo. Tutti i diritti riservati.<br \/>\n<\/h2>\n","protected":false},"excerpt":{"rendered":"<p>Fondazione Futuro Prossimo Il sogno La missione Aree d&#8217;intervento Come operiamo Fondatrici Comitato Promotore Campagna &#8220;Domani \u00e8 gia qui&#8221; Contatti Il sogno La missione Aree d&#8217;intervento Come operiamo Fondatrici Comitato Promotore Campagna &#8220;Domani \u00e8 gia qui&#8221; Contatti Sostieni Se non ora, quando? Anni per colmare il gender gap 0 Giovani NEET in Italia 0 % [&hellip;]<\/p>\n","protected":false},"author":2,"featured_media":0,"parent":0,"menu_order":0,"comment_status":"closed","ping_status":"closed","template":"elementor_canvas","meta":{"footnotes":""},"class_list":["post-1257","page","type-page","status-publish","hentry"],"_links":{"self":[{"href":"https:\/\/fondazionefuturoprossimo.it\/index.php?rest_route=\/wp\/v2\/pages\/1257","targetHints":{"allow":["GET"]}}],"collection":[{"href":"https:\/\/fondazionefuturoprossimo.it\/index.php?rest_route=\/wp\/v2\/pages"}],"about":[{"href":"https:\/\/fondazionefuturoprossimo.it\/index.php?rest_route=\/wp\/v2\/types\/page"}],"author":[{"embeddable":true,"href":"https:\/\/fondazionefuturoprossimo.it\/index.php?rest_route=\/wp\/v2\/users\/2"}],"replies":[{"embeddable":true,"href":"https:\/\/fondazionefuturoprossimo.it\/index.php?rest_route=%2Fwp%2Fv2%2Fcomments&post=1257"}],"version-history":[{"count":183,"href":"https:\/\/fondazionefuturoprossimo.it\/index.php?rest_route=\/wp\/v2\/pages\/1257\/revisions"}],"predecessor-version":[{"id":1550,"href":"https:\/\/fondazionefuturoprossimo.it\/index.php?rest_route=\/wp\/v2\/pages\/1257\/revisions\/1550"}],"wp:attachment":[{"href":"https:\/\/fondazionefuturoprossimo.it\/index.php?rest_route=%2Fwp%2Fv2%2Fmedia&parent=1257"}],"curies":[{"name":"wp","href":"https:\/\/api.w.org\/{rel}","templated":true}]}}